{"id":150,"date":"2013-05-29T20:51:00","date_gmt":"2013-05-29T20:51:00","guid":{"rendered":"http:\/\/www.gender.gov.sk\/zastavmenasilie\/?page_id=150"},"modified":"2016-10-21T15:57:18","modified_gmt":"2016-10-21T15:57:18","slug":"konajme","status":"publish","type":"page","link":"https:\/\/www.gender.gov.sk\/zastavmenasilie\/pomoc\/konajme\/","title":{"rendered":"Ako pom\u00f4c\u0165"},"content":{"rendered":"<h3><span style=\"color: #993300\">N\u00e1silie je trestn\u00fd \u010din<\/span><\/h3>\n<p>V Slovenskej republike s\u00fa mnoh\u00e9 n\u00e1siln\u00e9 \u010diny pova\u017eovan\u00e9 za trestn\u00e9 \u010diny a je jedno, \u010di boli sp\u00e1chan\u00e9 v rodine, alebo mimo nej. V\u00e4\u010d\u0161ina t\u00fdchto \u010dinov s\u00fa okrem toho tzv. <strong>ofici\u00e1lne delikty<\/strong>, \u010do znamen\u00e1, \u017ee v\u00a0tak\u00fdchto pr\u00edpadoch <strong>vzn\u00e1\u0161a ob\u017ealobu \u0161t\u00e1t z \u00faradnej povinnosti, nez\u00e1visle od toho, \u010di si to obe\u0165 \u017eel\u00e1. <\/strong><\/p>\n<p>V\u00fdnimky: Pri menej z\u00e1va\u017enom a ne\u00famyselnom ubl\u00ed\u017een\u00ed na zdrav\u00ed a\u00a0pri neposkytnut\u00ed pomoci je trestn\u00e9 st\u00edhanie mo\u017en\u00e9 jednozna\u010dne len so s\u00fahlasom postihnut\u00fdch \u017eien. Niektor\u00e9 menej z\u00e1va\u017en\u00e9 n\u00e1siln\u00e9 \u010diny posudzuj\u00fa pr\u00edslu\u0161n\u00e9 org\u00e1ny len ako priestupky.<\/p>\n<p><strong>Trestn\u00e9 ozn\u00e1menie pri podozren\u00ed na n\u00e1silie m\u00f4\u017ee poda\u0165 ktoko\u013evek, nemus\u00ed to by\u0165 obe\u0165 samotn\u00e1.\u00a0<\/strong><\/p>\n<p><strong><span style=\"color: #993300\">\u010co m\u00f4\u017eete urobi\u0165, ak pozn\u00e1te \u017eenu, ktor\u00e1 za\u017e\u00edva dom\u00e1ce n\u00e1silie<\/span><br \/>\n<\/strong><\/p>\n<ul>\n<li><span style=\"font-weight: normal\">Povzbu\u010fte ju k tomu, aby o n\u00e1sil\u00ed hovorila.\u00a0<\/span><\/li>\n<li><span style=\"font-weight: normal\">Sna\u017ete sa z\u00edska\u0165 \u010do najviac inform\u00e1ci\u00ed o podstate dom\u00e1ceho n\u00e1silia a o dostupn\u00fdch mo\u017enostiach pomoci.\u00a0<\/span><\/li>\n<li><span style=\"font-weight: normal\">Po\u010d\u00favajte ju, ak v\u00e1m hovor\u00ed, \u017ee sa k nej partner, alebo man\u017eel spr\u00e1va n\u00e1silne. Nez\u013eah\u010dujte to, nespochyb\u0148ujte \u017eenu a neospravedl\u0148ujte n\u00e1silie jej partnera, alebo man\u017eela.\u00a0<\/span><\/li>\n<li><span style=\"font-weight: normal\">Povedzte jej, \u017ee za n\u00e1silie je zodpovedn\u00fd jej man\u017eel, alebo partner. \u017diadne spr\u00e1vanie, alebo provok\u00e1cia nie s\u00fa v\u00fdhovorkou pre n\u00e1silie\u00a0<\/span><\/li>\n<li><span style=\"font-weight: normal\">Pode\u013ete sa s \u0148ou o va\u0161e inform\u00e1cie o n\u00e1sil\u00ed p\u00e1chanom na \u017een\u00e1ch a povedzte jej, \u017ee nie je sama, \u017ee je mnoho in\u00fdch \u017eien, ktor\u00e9 tie\u017e za\u017e\u00edvaj\u00fa n\u00e1silie\u00a0<\/span><\/li>\n<li><span style=\"font-weight: normal\">Povedzte jej o mo\u017enostiach rie\u0161enia jej situ\u00e1cie, ale do ni\u010doho ju nen\u00fa\u0165te. Re\u0161pektujte jej rozhodnutia.\u00a0<\/span><\/li>\n<li><span style=\"font-weight: normal\">Povedzte jej, \u017ee n\u00e1silie neprestane a \u017ee sa \u010dasom stup\u0148uje.\u00a0<\/span><\/li>\n<li><span style=\"font-weight: normal\">Pom\u00f4\u017ete jej v ka\u017edodenn\u00fdch z\u00e1le\u017eitostiach a so starostlivos\u0165ou o deti.\u00a0<\/span><\/li>\n<li><span style=\"font-weight: normal\">Pon\u00faknite jej, \u017ee ju budete sprev\u00e1dza\u0165 , ak bude potrebova\u0165 podporu, napr. na \u00faradoch a r\u00f4znych in\u0161tit\u00faci\u00e1ch.\u00a0<\/span><\/li>\n<li><span style=\"font-weight: normal\">Pom\u00f4\u017ete jej n\u00e1js\u0165 bezpe\u010dn\u00e9 miesto, na ktor\u00e9 by mohla v pr\u00edpade potreby od\u00eds\u0165 aj s de\u0165mi.\u00a0<\/span><\/li>\n<\/ul>\n<p><span style=\"color: #993300\"><strong>\u010co m\u00f4\u017ee urobi\u0165 pol\u00edcia<\/strong><\/span><\/p>\n<p>Proti n\u00e1siliu, ktor\u00e9 p\u00e1chaj\u00fa na \u017een\u00e1ch ich partneri, m\u00f4\u017ee naj\u00fa\u010dinnej\u0161ie zasiahnu\u0165 pol\u00edcia, ktor\u00e1 je povinn\u00e1 reagova\u0165 na ka\u017ed\u00e9 n\u00fadzov\u00e9 volanie o pomoc na linku 158 (resp. 112). Pol\u00edcia m\u00f4\u017ee vst\u00fapi\u0165 do bytu, ak s\u00fa ohrozen\u00e9 \u017eivoty a zdravie, hroz\u00ed z\u00e1va\u017en\u00e1 \u0161koda a vec neznesie odklad. S\u00fahlas n\u00e1siln\u00edka so vstupom do bytu, ktor\u00fd vlastn\u00ed \u010di inak u\u017e\u00edva, nie je potrebn\u00fd. Pol\u00edcia m\u00f4\u017ee zaisti\u0165 osobu, ktor\u00e1 svoj\u00edm konan\u00edm bezprostredne ohrozuje \u017eivot, zdravie alebo majetok (spo\u010diatku aspo\u0148 na 24 hod\u00edn) a navrhn\u00fa\u0165 \u010fal\u0161ie opatrenia.<\/p>\n<p><span style=\"color: #993300\"><strong>Ako kona\u0165 proti n\u00e1siliu p\u00e1chan\u00e9mu na \u017een\u00e1ch<\/strong><\/span><\/p>\n<p>N\u00e1silie p\u00e1chan\u00e9 na \u017een\u00e1ch je spolo\u010densk\u00fd probl\u00e9m, ktor\u00fd sa t\u00fdka n\u00e1s v\u0161etk\u00fdch a z\u00e1rove\u0148 je to naj\u010dastej\u0161ia forma poru\u0161ovania \u013eudsk\u00fdch pr\u00e1v. Ka\u017ed\u00fd a ka\u017ed\u00e1 z n\u00e1s m\u00f4\u017ee prispie\u0165 k jeho odstr\u00e1neniu :<\/p>\n<ul>\n<li>ak nebudeme \u013eahostajn\u00ed\/\u00e9 k n\u00e1siliu a nebudeme tolerova\u0165 \u017eiadnu formu n\u00e1silia vo svojom okol\u00ed a ods\u00fadime ho.<\/li>\n<li>ak nebudeme o n\u00e1sil\u00ed ml\u010da\u0165.<\/li>\n<li>ak nebudeme n\u00e1silie vo\u010di \u017een\u00e1m z\u013eah\u010dova\u0165 a pren\u00e1\u0161a\u0165 zodpovednos\u0165 za n\u00e1silie na \u017eeny. Za n\u00e1silie je v\u017edy zodpovedn\u00fd ten, kto ho p\u00e1cha.<\/li>\n<li>ak sa budeme informova\u0165 o pr\u00ed\u010din\u00e1ch a d\u00f4sledkoch n\u00e1silia p\u00e1chan\u00e9ho na \u017een\u00e1ch, ako aj o mo\u017enostiach pomoci a budeme informova\u0165 aj in\u00fdch \u013eud\u00ed vo svojom okol\u00ed<\/li>\n<li>ak budeme b\u00fara\u0165 m\u00fdty a predstavy o roly \u017eeny a mu\u017ea v spolo\u010dnosti, ako aj m\u00fdty a predsudky spojen\u00e9 s n\u00e1sil\u00edm p\u00e1chan\u00fdm na \u017een\u00e1ch, ktor\u00e9 n\u00e1silie ospravedl\u0148uj\u00fa. Skuto\u010dnou pr\u00ed\u010dinou n\u00e1silia p\u00e1chan\u00e9ho na \u017een\u00e1ch je nerovnocenn\u00e9 postavenie \u017eien a mu\u017eov v spolo\u010dnosti a nerovnov\u00e1ha moci.<\/li>\n<li>ak sa nebudeme smia\u0165 vtipom o n\u00e1sil\u00ed. Vtipy o n\u00e1sil\u00ed nie s\u00fa smie\u0161ne. Pom\u00e1haj\u00fa udr\u017eiava\u0165 n\u00e1silie v spolo\u010dnosti a z\u013eah\u010duj\u00fa ho.<\/li>\n<li>ak budeme bra\u0165 na zodpovednos\u0165 p\u00e1chate\u013eov n\u00e1silia.<\/li>\n<\/ul>\n","protected":false},"excerpt":{"rendered":"<p>N\u00e1silie je trestn\u00fd \u010din V Slovenskej republike s\u00fa mnoh\u00e9 n\u00e1siln\u00e9 \u010diny pova\u017eovan\u00e9 za trestn\u00e9 \u010diny a je jedno, \u010di boli sp\u00e1chan\u00e9 v rodine, alebo mimo nej. V\u00e4\u010d\u0161ina t\u00fdchto \u010dinov s\u00fa okrem toho tzv. ofici\u00e1lne delikty, \u010do znamen\u00e1, \u017ee v\u00a0tak\u00fdchto pr\u00edpadoch vzn\u00e1\u0161a ob\u017ealobu \u0161t\u00e1t z \u00faradnej povinnosti, nez\u00e1visle od toho, \u010di si to obe\u0165 \u017eel\u00e1. V\u00fdnimky: &hellip; <\/p>\n<p><a class=\"more-link block-button\" href=\"https:\/\/www.gender.gov.sk\/zastavmenasilie\/pomoc\/konajme\/\">\u010c\u00edta\u0165 viac &raquo;<\/a><\/p>\n","protected":false},"author":2,"featured_media":0,"parent":16,"menu_order":1,"comment_status":"open","ping_status":"closed","template":"","meta":[],"_links":{"self":[{"href":"https:\/\/www.gender.gov.sk\/zastavmenasilie\/wp-json\/wp\/v2\/pages\/150"}],"collection":[{"href":"https:\/\/www.gender.gov.sk\/zastavmenasilie\/wp-json\/wp\/v2\/pages"}],"about":[{"href":"https:\/\/www.gender.gov.sk\/zastavmenasilie\/wp-json\/wp\/v2\/types\/page"}],"author":[{"embeddable":true,"href":"https:\/\/www.gender.gov.sk\/zastavmenasilie\/wp-json\/wp\/v2\/users\/2"}],"replies":[{"embeddable":true,"href":"https:\/\/www.gender.gov.sk\/zastavmenasilie\/wp-json\/wp\/v2\/comments?post=150"}],"version-history":[{"count":9,"href":"https:\/\/www.gender.gov.sk\/zastavmenasilie\/wp-json\/wp\/v2\/pages\/150\/revisions"}],"predecessor-version":[{"id":285,"href":"https:\/\/www.gender.gov.sk\/zastavmenasilie\/wp-json\/wp\/v2\/pages\/150\/revisions\/285"}],"up":[{"embeddable":true,"href":"https:\/\/www.gender.gov.sk\/zastavmenasilie\/wp-json\/wp\/v2\/pages\/16"}],"wp:attachment":[{"href":"https:\/\/www.gender.gov.sk\/zastavmenasilie\/wp-json\/wp\/v2\/media?parent=150"}],"curies":[{"name":"wp","href":"https:\/\/api.w.org\/{rel}","templated":true}]}}